{"id":16,"date":"2017-02-07T16:42:30","date_gmt":"2017-02-07T16:42:30","guid":{"rendered":"http:\/\/zona.rascalsthemes.com\/dark\/?page_id=16"},"modified":"2025-03-01T15:21:58","modified_gmt":"2025-03-01T15:21:58","slug":"home","status":"publish","type":"page","link":"http:\/\/www.jazzclubkosz.pl\/","title":{"rendered":"Home"},"content":{"rendered":"<div class=\"wpb-content-wrapper\"><p>[vc_row][vc_column]<div class=\"blog--grid-wrap-sc  \"><div class=\"blog--grid grid-row\"><div class=\"grid--item item-anim anim-fadeup grid-4 grid-tablet-12 grid-mobile-12\"><article class=\"post-sc post-2794 post type-post status-publish format-standard has-post-thumbnail hentry category-aktualnosci category-mswj\"><img decoding=\"async\" class=\"featured--image\" src=\"http:\/\/www.jazzclubkosz.pl\/wp-content\/uploads\/2025\/09\/51_IMOJV_poster_blue_internet-780x440.png\" alt=\"Post image\"><div class=\"article--preview\"><figure style=\"background-image: url( http:\/\/www.jazzclubkosz.pl\/wp-content\/uploads\/2025\/09\/51_IMOJV_poster_blue_internet-780x440.png)\"><\/figure><\/div><h2 class=\"article--title\"><a href=\"http:\/\/www.jazzclubkosz.pl\/?p=2794\" >Przedstawiamy artyst\u00f3w 51 Mi\u0119dzynarodowych Spotka\u0144 Wokalist\u00f3w Jazzowych<\/a><\/h2><div class=\"article--excerpt\">\"Przybli\u017camy Pa\u0144stwu sylwetki naszych wokalistek, kt\u00f3re b\u0119d\u0105 bra\u0142y udzia\u0142 w tegorocznej 51. edycji Mi\u0119dzynarodowych Spotka\u0144 Wokalist\u00f3w Jazzowych - Zamo\u015b\u0107 2025 Kaja Hajduk Angelika Kaschuba Magdalena Michalak Anna Nguyen Julia Palmowska [...]<\/div><footer class=\"article--footer meta--cols\"><div class=\"meta--col\"><span class=\"meta--author-image\"><img alt='' src='https:\/\/secure.gravatar.com\/avatar\/8f5af6ca98023a2c8edcd61ff8dbcdbcbba0b6c41d2da11c1f3537d99c6004ed?s=50&d=mm&r=g' srcset='https:\/\/secure.gravatar.com\/avatar\/8f5af6ca98023a2c8edcd61ff8dbcdbcbba0b6c41d2da11c1f3537d99c6004ed?s=100&d=mm&r=g 2x' class='avatar avatar-50 photo' height='50' width='50' \/><\/span><div class=\"meta--author\">by <a href=\"http:\/\/www.jazzclubkosz.pl\/?author=1\" class=\"author-name\">admin<\/a><br><span class=\"meta--date\">2 wrze\u015bnia, 2025<\/span><\/div><\/div><div class=\"meta--col meta--col-link\"><a href=\"http:\/\/www.jazzclubkosz.pl\/?p=2794\" class=\"btn--read-more meta--link\">Read more<\/a><\/div><\/footer><\/article><\/div><div class=\"grid--item item-anim anim-fadeup grid-4 grid-tablet-12 grid-mobile-12\"><article class=\"post-sc post-2787 post type-post status-publish format-standard has-post-thumbnail hentry category-aktualnosci category-mswj\"><img decoding=\"async\" class=\"featured--image\" src=\"http:\/\/www.jazzclubkosz.pl\/wp-content\/uploads\/2025\/09\/51_IMOJV_poster_green_internet-780x440.png\" alt=\"Post image\"><div class=\"article--preview\"><figure style=\"background-image: url( http:\/\/www.jazzclubkosz.pl\/wp-content\/uploads\/2025\/09\/51_IMOJV_poster_green_internet-780x440.png)\"><\/figure><\/div><h2 class=\"article--title\"><a href=\"http:\/\/www.jazzclubkosz.pl\/?p=2787\" >51 Mi\u0119dzynarodowe Spotka\u0144ia Wokalist\u00f3w Jazzowych \u2013 Zamo\u015b\u0107 2025\/5.09.2025<\/a><\/h2><div class=\"article--excerpt\">Program 51. Mi\u0119dzynarodowych Spotka\u0144 Wokalist\u00f3w Jazzowych - Zamo\u015b\u0107 2025\/5.09.2025 \/ Hotel 77 \/ 20:00 \/ PRZES\u0141UCHANIA KONKURSOWE: Kaja HajdukAngelika KaschubaMagdalena MichalakAnna Nguyen VanJulia PalmowskaAleksandra T\u0119cza \/SEKCJA:Sebastian S\u0142upski - double bassRafa\u0142 [...]<\/div><footer class=\"article--footer meta--cols\"><div class=\"meta--col\"><span class=\"meta--author-image\"><img alt='' src='https:\/\/secure.gravatar.com\/avatar\/8f5af6ca98023a2c8edcd61ff8dbcdbcbba0b6c41d2da11c1f3537d99c6004ed?s=50&d=mm&r=g' srcset='https:\/\/secure.gravatar.com\/avatar\/8f5af6ca98023a2c8edcd61ff8dbcdbcbba0b6c41d2da11c1f3537d99c6004ed?s=100&d=mm&r=g 2x' class='avatar avatar-50 photo' height='50' width='50' \/><\/span><div class=\"meta--author\">by <a href=\"http:\/\/www.jazzclubkosz.pl\/?author=1\" class=\"author-name\">admin<\/a><br><span class=\"meta--date\">2 wrze\u015bnia, 2025<\/span><\/div><\/div><div class=\"meta--col meta--col-link\"><a href=\"http:\/\/www.jazzclubkosz.pl\/?p=2787\" class=\"btn--read-more meta--link\">Read more<\/a><\/div><\/footer><\/article><\/div><div class=\"grid--item item-anim anim-fadeup grid-4 grid-tablet-12 grid-mobile-12\"><article class=\"post-sc post-2781 post type-post status-publish format-standard hentry category-aktualnosci\"><img decoding=\"async\" class=\"featured--image\" src=\"\" alt=\"Post image\"><h2 class=\"article--title\"><a href=\"http:\/\/www.jazzclubkosz.pl\/?p=2781\" >Jazz Forum \u2013 pisz\u0105 o nas<\/a><\/h2><div class=\"article--excerpt\">Program festiwalu, zosta\u0142 zamieszczony tak\u017ce na stronie najwa\u017cniejszego polskiego magazynu po\u015bwi\u0119conego muzyce jazzowej Jazz Forum.Dzi\u0119kujemy Zajrzyjcie do Jazz Forum tutaj<\/div><footer class=\"article--footer meta--cols\"><div class=\"meta--col\"><span class=\"meta--author-image\"><img alt='' src='https:\/\/secure.gravatar.com\/avatar\/8f5af6ca98023a2c8edcd61ff8dbcdbcbba0b6c41d2da11c1f3537d99c6004ed?s=50&d=mm&r=g' srcset='https:\/\/secure.gravatar.com\/avatar\/8f5af6ca98023a2c8edcd61ff8dbcdbcbba0b6c41d2da11c1f3537d99c6004ed?s=100&d=mm&r=g 2x' class='avatar avatar-50 photo' height='50' width='50' \/><\/span><div class=\"meta--author\">by <a href=\"http:\/\/www.jazzclubkosz.pl\/?author=1\" class=\"author-name\">admin<\/a><br><span class=\"meta--date\">1 sierpnia, 2025<\/span><\/div><\/div><div class=\"meta--col meta--col-link\"><a href=\"http:\/\/www.jazzclubkosz.pl\/?p=2781\" class=\"btn--read-more meta--link\">Read more<\/a><\/div><\/footer><\/article><\/div><div class=\"grid--item item-anim anim-fadeup grid-4 grid-tablet-12 grid-mobile-12\"><article class=\"post-sc post-2779 post type-post status-publish format-standard hentry category-aktualnosci category-playlists\"><img decoding=\"async\" class=\"featured--image\" src=\"\" alt=\"Post image\"><h2 class=\"article--title\"><a href=\"http:\/\/www.jazzclubkosz.pl\/?p=2779\" >Tu Little Wing w wykonaniu Piotrka, Gonzo i Fryca:<\/a><\/h2><div class=\"article--excerpt\">https:\/\/youtu.be\/KjBPEG-Dj3Q?si=BpIUxdIBUcCligy8 Stowarzyszenie Zamojski Klub Jazzowy im. Mieczys\u0142awa Kosza wspomina Zamo\u015b\u0107 Jazz Festival 2024, tym samym zapraszaj\u0105c na kolejn\u0105, tegoroczn\u0105 edycj\u0119 festiwalu, kt\u00f3ry odb\u0119dzie si\u0119 w dniach 14-17.08.2025. Szczeg\u00f3\u0142y mo\u017cna znale\u017a\u0107 [...]<\/div><footer class=\"article--footer meta--cols\"><div class=\"meta--col\"><span class=\"meta--author-image\"><img alt='' src='https:\/\/secure.gravatar.com\/avatar\/8f5af6ca98023a2c8edcd61ff8dbcdbcbba0b6c41d2da11c1f3537d99c6004ed?s=50&d=mm&r=g' srcset='https:\/\/secure.gravatar.com\/avatar\/8f5af6ca98023a2c8edcd61ff8dbcdbcbba0b6c41d2da11c1f3537d99c6004ed?s=100&d=mm&r=g 2x' class='avatar avatar-50 photo' height='50' width='50' \/><\/span><div class=\"meta--author\">by <a href=\"http:\/\/www.jazzclubkosz.pl\/?author=1\" class=\"author-name\">admin<\/a><br><span class=\"meta--date\">1 sierpnia, 2025<\/span><\/div><\/div><div class=\"meta--col meta--col-link\"><a href=\"http:\/\/www.jazzclubkosz.pl\/?p=2779\" class=\"btn--read-more meta--link\">Read more<\/a><\/div><\/footer><\/article><\/div><div class=\"grid--item item-anim anim-fadeup grid-4 grid-tablet-12 grid-mobile-12\"><article class=\"post-sc post-2777 post type-post status-publish format-standard hentry category-aktualnosci category-interviews\"><img decoding=\"async\" class=\"featured--image\" src=\"\" alt=\"Post image\"><h2 class=\"article--title\"><a href=\"http:\/\/www.jazzclubkosz.pl\/?p=2777\" >Hania Derej Quintet<\/a><\/h2><div class=\"article--excerpt\">Hani\u0105 Derej: https:\/\/youtu.be\/_K7X6ddf8Uw?si=E2mO5Wezh4_M0mVJ Stowarzyszenie Zamojski Klub Jazzowy im. Mieczys\u0142awa Kosza wspomina Zamo\u015b\u0107 Jazz Festival 2024, tym samym zapraszaj\u0105c na kolejn\u0105, tegoroczn\u0105 edycj\u0119 festiwalu, kt\u00f3ry odb\u0119dzie si\u0119 w dniach 14-17.08.2025. Szczeg\u00f3\u0142y [...]<\/div><footer class=\"article--footer meta--cols\"><div class=\"meta--col\"><span class=\"meta--author-image\"><img alt='' src='https:\/\/secure.gravatar.com\/avatar\/8f5af6ca98023a2c8edcd61ff8dbcdbcbba0b6c41d2da11c1f3537d99c6004ed?s=50&d=mm&r=g' srcset='https:\/\/secure.gravatar.com\/avatar\/8f5af6ca98023a2c8edcd61ff8dbcdbcbba0b6c41d2da11c1f3537d99c6004ed?s=100&d=mm&r=g 2x' class='avatar avatar-50 photo' height='50' width='50' \/><\/span><div class=\"meta--author\">by <a href=\"http:\/\/www.jazzclubkosz.pl\/?author=1\" class=\"author-name\">admin<\/a><br><span class=\"meta--date\">1 sierpnia, 2025<\/span><\/div><\/div><div class=\"meta--col meta--col-link\"><a href=\"http:\/\/www.jazzclubkosz.pl\/?p=2777\" class=\"btn--read-more meta--link\">Read more<\/a><\/div><\/footer><\/article><\/div><div class=\"grid--item item-anim anim-fadeup grid-4 grid-tablet-12 grid-mobile-12\"><article class=\"post-sc post-2772 post type-post status-publish format-standard has-post-thumbnail hentry category-aktualnosci category-music\"><img decoding=\"async\" class=\"featured--image\" src=\"http:\/\/www.jazzclubkosz.pl\/wp-content\/uploads\/2025\/07\/43_JNK_2025-square-violet-780x440.png\" alt=\"Post image\"><div class=\"article--preview\"><figure style=\"background-image: url( http:\/\/www.jazzclubkosz.pl\/wp-content\/uploads\/2025\/07\/43_JNK_2025-square-violet-780x440.png)\"><\/figure><\/div><h2 class=\"article--title\"><a href=\"http:\/\/www.jazzclubkosz.pl\/?p=2772\" >43.Jazz na Kresach \u2013 Zamo\u015b\u0107 Jazz Festival 2025 \u2013 Program<\/a><\/h2><div class=\"article--excerpt\">PROGRAM 43. Jazz na Kresach - Zamo\u015b\u0107 Jazz Festival 2025 ---------\u2010------------------------------------------------------- \u25cf 14.08.2025 \/ Jazz Club Kosz \u25cf \"Cyryl Lewczuk Quartet\" \/ 18:00 Cyryl Lewczuk \u2013 saksofon\u00a0 Jan Maciejowski \u2013 [...]<\/div><footer class=\"article--footer meta--cols\"><div class=\"meta--col\"><span class=\"meta--author-image\"><img alt='' src='https:\/\/secure.gravatar.com\/avatar\/8f5af6ca98023a2c8edcd61ff8dbcdbcbba0b6c41d2da11c1f3537d99c6004ed?s=50&d=mm&r=g' srcset='https:\/\/secure.gravatar.com\/avatar\/8f5af6ca98023a2c8edcd61ff8dbcdbcbba0b6c41d2da11c1f3537d99c6004ed?s=100&d=mm&r=g 2x' class='avatar avatar-50 photo' height='50' width='50' \/><\/span><div class=\"meta--author\">by <a href=\"http:\/\/www.jazzclubkosz.pl\/?author=1\" class=\"author-name\">admin<\/a><br><span class=\"meta--date\">16 lipca, 2025<\/span><\/div><\/div><div class=\"meta--col meta--col-link\"><a href=\"http:\/\/www.jazzclubkosz.pl\/?p=2772\" class=\"btn--read-more meta--link\">Read more<\/a><\/div><\/footer><\/article><\/div><\/div><\/div>[\/vc_column][\/vc_row][vc_row full_width=\u201dstretch_row\u201d css=\u201d.vc_custom_1488458094339{padding-top: 80px !important;padding-bottom: 80px !important;background: #131415 url(http:\/\/zona.rascalsthemes.com\/dark\/wp-content\/uploads\/2017\/01\/map.png?id=1810) !important;background-position: center !important;background-repeat: no-repeat !important;background-size: cover !important;}\u201d el_id=\u201dlatest-events\u201d][vc_column offset=\u201dvc_col-lg-6 vc_col-md-12 vc_col-xs-12\u2033][vc_single_image image=\u201d2756\u2033 img_size=\u201dfull\u201d alignment=\u201dcenter\u201d onclick=\u201dcustom_link\u201d el_class=\u201dimage-shadow\u201d css=\u201d.vc_custom_1740428127921{margin-top: 20px !important;margin-right: 20px !important;margin-bottom: 20px !important;margin-left: 20px !important;}\u201d link=\u201dhttp:\/\/www.jazzclubkosz.pl\/?zona_events=50th-international-meeting-of-jazz-vocalists-zamosc-2024-50-miedzynarodowe-spotkania-wokalistow-jazzowych-zamosc-2024\u2033][vc_single_image image=\u201d2757\u2033 img_size=\u201dfull\u201d alignment=\u201dcenter\u201d onclick=\u201dcustom_link\u201d el_class=\u201dimage-shadow\u201d css=\u201d.vc_custom_1740428150088{margin-top: 20px !important;margin-right: 20px !important;margin-bottom: 20px !important;margin-left: 20px !important;}\u201d link=\u201dhttp:\/\/www.jazzclubkosz.pl\/?zona_events=50th-international-meeting-of-jazz-vocalists-zamosc-2024-50-miedzynarodowe-spotkania-wokalistow-jazzowych-zamosc-2024\u2033][vc_single_image image=\u201d2746\u2033 img_size=\u201dfull\u201d alignment=\u201dcenter\u201d onclick=\u201dcustom_link\u201d el_class=\u201dimage-shadow\u201d css=\u201d.vc_custom_1724663333770{margin-top: 20px !important;margin-right: 20px !important;margin-bottom: 20px !important;margin-left: 20px !important;}\u201d link=\u201dhttp:\/\/www.jazzclubkosz.pl\/?zona_events=50th-international-meeting-of-jazz-vocalists-zamosc-2024-50-miedzynarodowe-spotkania-wokalistow-jazzowych-zamosc-2024\u2033][vc_single_image image=\u201d2747\u2033 img_size=\u201dfull\u201d alignment=\u201dcenter\u201d onclick=\u201dcustom_link\u201d el_class=\u201dimage-shadow\u201d css=\u201d.vc_custom_1724663372143{margin-top: 20px !important;margin-right: 20px !important;margin-bottom: 20px !important;margin-left: 20px !important;}\u201d link=\u201dhttp:\/\/www.jazzclubkosz.pl\/?zona_events=50th-international-meeting-of-jazz-vocalists-zamosc-2024-50-miedzynarodowe-spotkania-wokalistow-jazzowych-zamosc-2024\u2033][vc_single_image image=\u201d2748\u2033 img_size=\u201dfull\u201d alignment=\u201dcenter\u201d onclick=\u201dcustom_link\u201d el_class=\u201dimage-shadow\u201d css=\u201d.vc_custom_1724663460145{margin-top: 20px !important;margin-right: 20px !important;margin-bottom: 20px !important;margin-left: 20px !important;}\u201d link=\u201dhttp:\/\/www.jazzclubkosz.pl\/?zona_events=50th-international-meeting-of-jazz-vocalists-zamosc-2024-50-miedzynarodowe-spotkania-wokalistow-jazzowych-zamosc-2024\u2033][vc_single_image image=\u201d2743\u2033 img_size=\u201dfull\u201d alignment=\u201dcenter\u201d onclick=\u201dcustom_link\u201d el_class=\u201dimage-shadow\u201d css=\u201d.vc_custom_1724228733974{margin-top: 20px !important;margin-right: 20px !important;margin-bottom: 20px !important;margin-left: 20px !important;}\u201d link=\u201dhttp:\/\/www.jazzclubkosz.pl\/?zona_events=50th-international-meeting-of-jazz-vocalists-zamosc-2024-50-miedzynarodowe-spotkania-wokalistow-jazzowych-zamosc-2024\u2033][vc_single_image image=\u201d2730\u2033 img_size=\u201dfull\u201d alignment=\u201dcenter\u201d onclick=\u201dcustom_link\u201d el_class=\u201dimage-shadow\u201d css=\u201d.vc_custom_1723624926670{margin-top: 20px !important;margin-right: 20px !important;margin-bottom: 20px !important;margin-left: 20px !important;}\u201d link=\u201dhttp:\/\/www.jazzclubkosz.pl\/?zona_events=50th-international-meeting-of-jazz-vocalists-zamosc-2024-50-miedzynarodowe-spotkania-wokalistow-jazzowych-zamosc-2024\u2033][vc_gallery interval=\u201d3\u2033 images=\u201d2734,2746,2747,2748,2708,2714,2711,2710,2713,2712,2709\u2033 img_size=\u201dfull\u201d][\/vc_column][vc_column el_class=\u201devents-col\u201d offset=\u201dvc_col-lg-6 vc_col-md-12 vc_col-xs-12\u2033 css=\u201d.vc_custom_1485540900982{margin-top: 200px !important;}\u201d][vc_custom_heading text=\u201dWYDARZENIA\/KONCERTY\u201d font_container=\u201dtag:h6|font_size:18px|text_align:left|color:%23a9a9a9\u2033 use_theme_fonts=\u201dyes\u201d css=\u201d.vc_custom_1565445865529{margin-bottom: 0px !important;}\u201d el_class=\u201dsub\u2013heading\u201d][vc_custom_heading text=\u201dNADCHODZ\u0104CE\u201d font_container=\u201dtag:h3|font_size:48px|text_align:left|color:%23ffffff\u201d use_theme_fonts=\u201dyes\u201d css=\u201d.vc_custom_1565445889291{margin-bottom: 80px !important;}\u201d el_class=\u201dmain\u2013heading\u201d]<div class=\"events--list-wrap  bg--dark  vc_custom_1565445763669\">\n\t                    <ul class=\"events--list\"><li class=\"grid--item item-anim anim-fadeup post-2753 zona_events type-zona_events status-publish has-post-thumbnail hentry zona_event_type-past-events zona_events_cats-festivals zona_events_cats-international-meeting-of-jazz-vocalists\"><div class=\"event--col event--col-date\">08\/09<\/div><div class=\"event--col event--col-title\"><div class=\"event--show-on-mobile event--date\">08\/09<\/div><span class=\"past-event-label\">Past Event<\/span><a href=\"http:\/\/www.jazzclubkosz.pl\/?zona_events=balatamatusik-koncert-laureatow\" class=\"event--title\">Ba\u0142ata&Matusik + Koncert laureat\u00f3w<\/a><div class=\"event--show-on-mobile event--city\"><\/div><\/div><div class=\"event--col event--col-city\"><\/div><div class=\"event--col event--col-tickets\"><\/div><\/li><li class=\"grid--item item-anim anim-fadeup post-2729 zona_events type-zona_events status-publish has-post-thumbnail hentry zona_event_type-past-events zona_events_cats-festivals zona_events_cats-international-meeting-of-jazz-vocalists zona_events_cats-special-events\"><div class=\"event--col event--col-date\">07\/09<\/div><div class=\"event--col event--col-title\"><div class=\"event--show-on-mobile event--date\">07\/09<\/div><span class=\"past-event-label\">Past Event<\/span><a href=\"http:\/\/www.jazzclubkosz.pl\/?zona_events=50th-international-meeting-of-jazz-vocalists-zamosc-2024-50-miedzynarodowe-spotkania-wokalistow-jazzowych-zamosc-2024\" class=\"event--title\">50th International Meeting of Jazz Vocalists \u2013 Zamo\u015b\u0107 2024 50. Mi\u0119dzynarodowe Spotkania Wokalist\u00f3w Jazzowych \u2013 Zamo\u015b\u0107 2024<\/a><div class=\"event--show-on-mobile event--city\"><\/div><\/div><div class=\"event--col event--col-city\"><\/div><div class=\"event--col event--col-tickets\"><\/div><\/li><li class=\"grid--item item-anim anim-fadeup post-2751 zona_events type-zona_events status-publish has-post-thumbnail hentry zona_event_type-past-events zona_events_cats-festivals zona_events_cats-international-meeting-of-jazz-vocalists zona_events_cats-special-events\"><div class=\"event--col event--col-date\">07\/09<\/div><div class=\"event--col event--col-title\"><div class=\"event--show-on-mobile event--date\">07\/09<\/div><span class=\"past-event-label\">Past Event<\/span><a href=\"http:\/\/www.jazzclubkosz.pl\/?zona_events=i-etap-konkursu\" class=\"event--title\">I etap konkursu<\/a><div class=\"event--show-on-mobile event--city\"><\/div><\/div><div class=\"event--col event--col-city\"><\/div><div class=\"event--col event--col-tickets\"><\/div><\/li><li class=\"grid--item item-anim anim-fadeup post-2718 zona_events type-zona_events status-publish has-post-thumbnail hentry zona_event_type-past-events zona_events_cats-international-meeting-of-jazz-vocalists zona_events_cats-special-events\"><div class=\"event--col event--col-date\">10\/06<\/div><div class=\"event--col event--col-title\"><div class=\"event--show-on-mobile event--date\">10\/06<\/div><span class=\"past-event-label\">Past Event<\/span><a href=\"http:\/\/www.jazzclubkosz.pl\/?zona_events=andrzej-gondek-trio\" class=\"event--title\">ANDRZEJ GONDEK TRIO<\/a><div class=\"event--show-on-mobile event--city\"><\/div><\/div><div class=\"event--col event--col-city\"><\/div><div class=\"event--col event--col-tickets\"><\/div><\/li><li class=\"grid--item item-anim anim-fadeup post-2717 zona_events type-zona_events status-publish has-post-thumbnail hentry zona_event_type-past-events zona_events_cats-zamosc-jazz-festiwal\"><div class=\"event--col event--col-date\">09\/06<\/div><div class=\"event--col event--col-title\"><div class=\"event--show-on-mobile event--date\">09\/06<\/div><span class=\"past-event-label\">Past Event<\/span><a href=\"http:\/\/www.jazzclubkosz.pl\/?zona_events=9-06-i-g-21-00-glyk-matusik\" class=\"event--title\">9.06 I g. 21.00 G\u0141YK & MATUSIK<\/a><div class=\"event--show-on-mobile event--city\"><\/div><\/div><div class=\"event--col event--col-city\"><\/div><div class=\"event--col event--col-tickets\"><\/div><\/li><li class=\"grid--item item-anim anim-fadeup post-2716 zona_events type-zona_events status-publish has-post-thumbnail hentry zona_event_type-past-events zona_events_cats-festivals zona_events_cats-zamosc-jazz-festiwal\"><div class=\"event--col event--col-date\">03\/06<\/div><div class=\"event--col event--col-title\"><div class=\"event--show-on-mobile event--date\">03\/06<\/div><span class=\"past-event-label\">Past Event<\/span><a href=\"http:\/\/www.jazzclubkosz.pl\/?zona_events=3-06-i-41-jazz-na-kresach-i-g-21-00\" class=\"event--title\">3.06 I 41 Jazz na Kresach I g. 21.00<\/a><div class=\"event--show-on-mobile event--city\"><\/div><\/div><div class=\"event--col event--col-city\"><\/div><div class=\"event--col event--col-tickets\"><\/div><\/li><li class=\"grid--item item-anim anim-fadeup post-2705 zona_events type-zona_events status-publish hentry zona_event_type-past-events zona_events_cats-blues zona_events_cats-festivals zona_events_cats-zamosc-jazz-festiwal\"><div class=\"event--col event--col-date\">02\/06<\/div><div class=\"event--col event--col-title\"><div class=\"event--show-on-mobile event--date\">02\/06<\/div><span class=\"past-event-label\">Past Event<\/span><a href=\"http:\/\/www.jazzclubkosz.pl\/?zona_events=2-06-i-blues-meeting-i-jazz-club-kosz-i-g-21-00\" class=\"event--title\">2.06 I Blues Meeting I Jazz Club Kosz I g. 21.00<\/a><div class=\"event--show-on-mobile event--city\"><\/div><\/div><div class=\"event--col event--col-city\"><\/div><div class=\"event--col event--col-tickets\"><\/div><\/li><li class=\"grid--item item-anim anim-fadeup post-2698 zona_events type-zona_events status-publish has-post-thumbnail hentry zona_event_type-past-events zona_events_cats-special-events\"><div class=\"event--col event--col-date\">23\/07<\/div><div class=\"event--col event--col-title\"><div class=\"event--show-on-mobile event--date\">23\/07<\/div><span class=\"past-event-label\">Past Event<\/span><a href=\"http:\/\/www.jazzclubkosz.pl\/?zona_events=grazyna-lobaszewska-50-lat-na-scenie-23-07-2022-godz-2000\" class=\"event--title\">GRA\u017bYNA \u0141OBASZEWSKA 50 LAT NA SCENIE !!! \u2013 23.07.2022. godz.: 20:00<\/a><div class=\"event--show-on-mobile event--city\"><\/div><\/div><div class=\"event--col event--col-city\"><\/div><div class=\"event--col event--col-tickets\"><a class=\"event--button anim--reveal\" href=\"https:\/\/www.kupbilecik.pl\/imprezy\/77856\/Zamo%C5%9B%C4%87\/Gra%C5%BCyna+%C5%81obaszewska+-+50+lat+na+scenie+%21%21%21\/\" target=\"_blank\"><span>Tickets<\/span><\/a><\/div><\/li><li class=\"grid--item item-anim anim-fadeup post-2695 zona_events type-zona_events status-publish hentry zona_event_type-past-events zona_events_cats-international-meeting-of-jazz-vocalists zona_events_cats-zamosc-jazz-festiwal\"><div class=\"event--col event--col-date\">05\/09<\/div><div class=\"event--col event--col-title\"><div class=\"event--show-on-mobile event--date\">05\/09<\/div><span class=\"past-event-label\">Past Event<\/span><a href=\"http:\/\/www.jazzclubkosz.pl\/?zona_events=grazyna-lobaszewska-ajagorew\" class=\"event--title\">GRA\u017bYNA \u0141OBASZEWSKA & AJAGOREW<\/a><div class=\"event--show-on-mobile event--city\">ZAMO\u015a\u0106<\/div><\/div><div class=\"event--col event--col-city\">ZAMO\u015a\u0106<\/div><div class=\"event--col event--col-tickets\"><\/div><\/li><li class=\"grid--item item-anim anim-fadeup post-2690 zona_events type-zona_events status-publish has-post-thumbnail hentry zona_event_type-past-events zona_events_cats-zamosc-jazz-festiwal\"><div class=\"event--col event--col-date\">04\/09<\/div><div class=\"event--col event--col-title\"><div class=\"event--show-on-mobile event--date\">04\/09<\/div><span class=\"past-event-label\">Past Event<\/span><a href=\"http:\/\/www.jazzclubkosz.pl\/?zona_events=2690\" class=\"event--title\">BIA\u0141OWOLSKI SZWUGIER SKRZY\u0143SKI<\/a><div class=\"event--show-on-mobile event--city\">ZAMO\u015a\u0106<\/div><\/div><div class=\"event--col event--col-city\">ZAMO\u015a\u0106<\/div><div class=\"event--col event--col-tickets\"><\/div><\/li><\/ul><\/div><div class=\"clear\"><\/div><div class=\"buttons  text-left \"><a class=\"btn btn--frame btn--big\" href=\"http:\/\/www.jazzclubkosz.pl\/?page_id=1761\" target=\"_self\"><span><\/span>Zobacz wszystkie wydarzenia<\/a><\/div>[\/vc_column][\/vc_row][vc_row full_width=\u201dstretch_row\u201d css=\u201d.vc_custom_1488457892533{margin-top: 0px !important;margin-bottom: 0px !important;padding-top: 80px !important;padding-bottom: 20px !important;}\u201d][vc_column][vc_custom_heading text=\u201dJAZZ CLUB IMIENIA\u201d font_container=\u201dtag:h6|font_size:18px|text_align:center|color:%23a9a9a9\u2033 use_theme_fonts=\u201dyes\u201d css=\u201d.vc_custom_1565455793966{margin-bottom: 0px !important;}\u201d el_class=\u201dsub\u2013heading\u201d][vc_custom_heading text=\u201dMIECZYS\u0141AWA KOSZA\u201d font_container=\u201dtag:h3|font_size:48px|text_align:center\u201d use_theme_fonts=\u201dyes\u201d css=\u201d.vc_custom_1565455804567{margin-bottom: 80px !important;}\u201d el_class=\u201dmain\u2013heading\u201d]<div class=\"music-album--wrap  is-album-image \"><div class=\"music-album\"><div class=\"music-album--cover-wrap\"><div class=\"music-album--img-holder\"><div class=\"music-album--cover\" style=\"background-image:url(http:\/\/www.jazzclubkosz.pl\/wp-content\/uploads\/2019\/07\/51574585_2054934601220744_2248769924711317504_o-kopia.jpg)\"><\/div><\/div><div class=\"music-album--ctrl\"><a href=\"#\" class=\"music-album--prev\"><\/a><a href=\"#\" class=\"music-album--next\"><\/a><a href=\"#\" class=\"music-album--play\"><\/a><\/div><\/div><div class=\"music-album--meta\"><div class=\"music-album--title\"><span class=\"is-active\">Mieczys\u0142aw Kosz - Yesterday<\/span><\/div><div class=\"music-album--artists\"><span><\/span><\/div><\/div><div class=\"music-album--waveform-wrap\"><div class=\"music-album--waveform-top\"><\/div><div class=\"music-album--waveform-bottom\"><\/div><\/div><\/div><ol id=\"tracklist--1\" class=\"sp-list sp-ctrl\">\n\t        <li class=\"sp-track-item\">\n\t            <a href=\"http:\/\/www.jazzclubkosz.pl\/wp-content\/uploads\/2019\/07\/Kosz-yesterday_mixdown.mp3\" class=\"simple-track sp-play-track sp-play-next\" data-cover=\"http:\/\/www.jazzclubkosz.pl\/wp-content\/themes\/zona\/images\/no-track-image.png\" data-artist=\"\" data-artist_url=\"\" data-artist_target=\"\" data-release_url=\"\" data-release_target=\"\" data-shop_url=\"\" data-shop_target=\"\" data-free_download=\"no\" data-waveform=\"\" data-cover_full=\"\">\n\t                <span class=\"artists\"><\/span>\n\t                <span class=\"track-title\">Mieczys\u0142aw Kosz - Yesterday<\/span>\n\t            <\/a>\n\t        <\/li>\n\t        <li class=\"sp-track-item\">\n\t            <a href=\"https:\/\/www.youtube.com\/watch?v=skCP-LRSxL8&frags=pl%2Cwn\" class=\"simple-track sp-play-track sp-play-next\" data-cover=\"http:\/\/www.jazzclubkosz.pl\/wp-content\/themes\/zona\/images\/no-track-image.png\" data-artist=\"\" data-artist_url=\"\" data-artist_target=\"_self\" data-release_url=\"\" data-release_target=\"_self\" data-shop_url=\"\" data-shop_target=\"_self\" data-free_download=\"no\" data-waveform=\"\" data-cover_full=\"\">\n\t                <span class=\"artists\"><\/span>\n\t                <span class=\"track-title\">Track Title<\/span>\n\t            <\/a>\n\t        <\/li><\/ol><\/div>[\/vc_column][\/vc_row][vc_row full_width=\u201dstretch_row\u201d parallax=\u201dcontent-moving\u201d parallax_image=\u201d121\u2033 content_width=\u201dnarrow\u201d css=\u201d.vc_custom_1488460426449{padding-top: 10% !important;padding-bottom: 10% !important;background-position: center;background-repeat: no-repeat;background-size:cover;}\u201d][vc_column css=\u201d.vc_custom_1483463170118{padding-top: 40px !important;padding-bottom: 40px !important;}\u201d][vc_custom_heading text=\u201dLATEST VIDEO\u201d font_container=\u201dtag:h6|font_size:18px|text_align:center|color:%23a9a9a9\u2033 use_theme_fonts=\u201dyes\u201d css=\u201d.vc_custom_1485794165633{margin-bottom: 0px !important;}\u201d el_class=\u201dsub\u2013heading\u201d][vc_custom_heading text=\u201dKHODA AMAZING\u201d font_container=\u201dtag:h3|font_size:48px|text_align:center|color:%231a1b1c\u201d use_theme_fonts=\u201dyes\u201d css=\u201d.vc_custom_1488460474192{margin-bottom: 80px !important;}\u201d el_class=\u201dmain\u2013heading\u201d][vc_video link=\u201dhttps:\/\/youtu.be\/skCP-LRSxL8\u2033 el_class=\u201dframe-shadow\u201d]<div class=\"buttons  text-center  vc_custom_1483527910846\"><a class=\"btn btn--frame btn--big\" href=\"#\" target=\"_self\"><span><\/span>More Videos<\/a><\/div>[\/vc_column][\/vc_row][vc_row full_width=\u201dstretch_row_content_no_spaces\u201d equal_height=\u201dyes\u201d css=\u201d.vc_custom_1485787174443{margin-bottom: 0px !important;background-position: 0 0 !important;background-repeat: no-repeat !important;}\u201d][vc_column offset=\u201dvc_col-lg-12 vc_col-md-12 vc_hidden-md vc_hidden-sm vc_col-xs-12 vc_hidden-xs\u201d css=\u201d.vc_custom_1565454172975{padding-top: 0px !important;background-image: url(http:\/\/www.jazzclubkosz.pl\/wp-content\/uploads\/2019\/08\/3555039370_7ea18b57f4_o.jpg?id=2283) !important;background-position: 0 0 !important;background-repeat: no-repeat !important;}\u201d el_class=\u201dbg-bottom\u201d][vc_row_inner css=\u201d.vc_custom_1485787756853{background-position: 0 0 !important;background-repeat: no-repeat !important;}\u201d][vc_column_inner width=\u201d1\/2\u2033][vc_empty_space height=\u201d600px\u201d][\/vc_column_inner][vc_column_inner width=\u201d1\/2\u2033 css=\u201d.vc_custom_1488464796896{padding-top: 100px !important;padding-right: 18% !important;padding-bottom: 100px !important;padding-left: 18% !important;background-color: rgba(19,20,21,0.83) !important;*background-color: rgb(19,20,21) !important;}\u201d][vc_single_image image=\u201d2278\u2033 img_size=\u201dfull\u201d alignment=\u201dcenter\u201d][vc_custom_heading text=\u201dWKR\u00d3TCE NA TEJ STORNIE ZOSTANIE URUCHOMIONE ARCHIWUM JAZZ CLUBU KOSZ<br \/>\nZAPRASZAMY DO ZAGL\u0104DANIA NA NASZ\u0104 STRONE INTERNETOW\u0104\u201d font_container=\u201dtag:div|font_size:18px|text_align:center|color:%23ffffff|line_height:26px\u201d use_theme_fonts=\u201dyes\u201d css=\u201d.vc_custom_1565453906179{margin-bottom: 40px !important;}\u201d][vc_column_text css=\u201d.vc_custom_1565453971342{margin-bottom: 40px !important;}\u201d]ZAPRASZAMY DO \u015aLEDZENIA INFORMACJI O AKTUALNYCH WYDARZENIACH.<\/p>\n<p>JU\u017b NIEBAWEM POJAWI\u0104 SI\u0118 SZCZEG\u00d3\u0141Y ZWI\u0104ZANE Z MI\u0118DZYNARODOWYM PRZEGL\u0104DEM WOKALIST\u00d3W JAZZOWYCH[\/vc_column_text][vc_single_image image=\u201d2279\u2033 img_size=\u201dfull\u201d alignment=\u201dcenter\u201d][\/vc_column_inner][\/vc_row_inner][\/vc_column][\/vc_row][vc_row full_width=\u201dstretch_row_content_no_spaces\u201d equal_height=\u201dyes\u201d css=\u201d.vc_custom_1485787174443{margin-bottom: 0px !important;background-position: 0 0 !important;background-repeat: no-repeat !important;}\u201d][vc_column offset=\u201dvc_col-lg-12 vc_hidden-lg vc_col-md-12 vc_col-xs-12\u2033 css=\u201d.vc_custom_1565458708579{padding-top: 0px !important;background-image: url(http:\/\/www.jazzclubkosz.pl\/wp-content\/uploads\/2019\/08\/66742012_2452912144761485_2542655411287228416_o-1.jpg?id=2304) !important;background-position: center !important;background-repeat: no-repeat !important;background-size: contain !important;}\u201d el_class=\u201dabout-image-hidden-row\u201d][vc_row_inner][vc_column_inner][vc_empty_space height=\u201d600px\u201d el_class=\u201dabout-height\u201d][\/vc_column_inner][\/vc_row_inner][vc_row_inner css=\u201d.vc_custom_1488464817685{padding-top: 80px !important;padding-right: 18% !important;padding-bottom: 80px !important;padding-left: 18% !important;background-color: rgba(19,20,21,0.83) !important;background-position: 0 0 !important;background-repeat: no-repeat !important;*background-color: rgb(19,20,21) !important;}\u201d][vc_column_inner][vc_single_image image=\u201d2277\u2033 img_size=\u201dfull\u201d alignment=\u201dcenter\u201d][vc_custom_heading text=\u201dWKR\u00d3TCE NA TEJ STORNIE ZOSTANIE URUCHOMIONE ARCHIWUM JAZZ CLUBU KOSZ<br \/>\nZAPRASZAMY DO ZAGL\u0104DANIA NA NASZ\u0104 STRONE INTERNETOW\u0104\u201d font_container=\u201dtag:div|font_size:18px|text_align:center|color:%23ffffff|line_height:26px\u201d use_theme_fonts=\u201dyes\u201d css=\u201d.vc_custom_1565458612574{margin-bottom: 40px !important;}\u201d][vc_column_text css=\u201d.vc_custom_1565458635191{margin-bottom: 40px !important;}\u201d]ZAPRASZAMY DO \u015aLEDZENIA INFORMACJI O AKTUALNYCH WYDARZENIACH.<\/p>\n<p>JU\u017b NIEBAWEM POJAWI\u0104 SI\u0118 SZCZEG\u00d3\u0141Y ZWI\u0104ZANE Z MI\u0118DZYNARODOWYM PRZEGL\u0104DEM WOKALIST\u00d3W JAZZOWYCH[\/vc_column_text][vc_single_image image=\u201d2278\u2033 img_size=\u201dfull\u201d alignment=\u201dcenter\u201d][\/vc_column_inner][\/vc_row_inner][\/vc_column][\/vc_row]<\/p>\n<\/div>","protected":false},"excerpt":{"rendered":"<p>[vc_row][vc_column][\/vc_column][\/vc_row][vc_row full_width=\u201dstretch_row\u201d css=\u201d.vc_custom_1488458094339{padding-top: 80px !important;padding-bottom: 80px !important;background: #131415 url(http:\/\/zona.rascalsthemes.com\/dark\/wp-content\/uploads\/2017\/01\/map.png?id=1810) !important;background-position: center !important;background-repeat: no-repeat !important;background-size: cover !important;}\u201d el_id=\u201dlatest-events\u201d][vc_column offset=\u201dvc_col-lg-6 vc_col-md-12 vc_col-xs-12\u2033][vc_single_image image=\u201d2756\u2033 img_size=\u201dfull\u201d alignment=\u201dcenter\u201d onclick=\u201dcustom_link\u201d el_class=\u201dimage-shadow\u201d css=\u201d.vc_custom_1740428127921{margin-top: 20px !important;margin-right: 20px !important;margin-bottom: 20px !important;margin-left: 20px !important;}\u201d link=\u201dhttp:\/\/www.jazzclubkosz.pl\/?zona_events=50th-international-meeting-of-jazz-vocalists-zamosc-2024-50-miedzynarodowe-spotkania-wokalistow-jazzowych-zamosc-2024\u2033][vc_single_image image=\u201d2757\u2033 img_size=\u201dfull\u201d alignment=\u201dcenter\u201d onclick=\u201dcustom_link\u201d el_class=\u201dimage-shadow\u201d css=\u201d.vc_custom_1740428150088{margin-top: 20px !important;margin-right: 20px !important;margin-bottom: 20px !important;margin-left: 20px !important;}\u201d link=\u201dhttp:\/\/www.jazzclubkosz.pl\/?zona_events=50th-international-meeting-of-jazz-vocalists-zamosc-2024-50-miedzynarodowe-spotkania-wokalistow-jazzowych-zamosc-2024\u2033][vc_single_image image=\u201d2746\u2033 img_size=\u201dfull\u201d alignment=\u201dcenter\u201d onclick=\u201dcustom_link\u201d el_class=\u201dimage-shadow\u201d [&hellip;]<\/p>\n","protected":false},"author":1,"featured_media":0,"parent":0,"menu_order":0,"comment_status":"closed","ping_status":"closed","template":"","meta":{"footnotes":""},"class_list":["post-16","page","type-page","status-publish","hentry"],"_links":{"self":[{"href":"http:\/\/www.jazzclubkosz.pl\/index.php?rest_route=\/wp\/v2\/pages\/16","targetHints":{"allow":["GET"]}}],"collection":[{"href":"http:\/\/www.jazzclubkosz.pl\/index.php?rest_route=\/wp\/v2\/pages"}],"about":[{"href":"http:\/\/www.jazzclubkosz.pl\/index.php?rest_route=\/wp\/v2\/types\/page"}],"author":[{"embeddable":true,"href":"http:\/\/www.jazzclubkosz.pl\/index.php?rest_route=\/wp\/v2\/users\/1"}],"replies":[{"embeddable":true,"href":"http:\/\/www.jazzclubkosz.pl\/index.php?rest_route=%2Fwp%2Fv2%2Fcomments&post=16"}],"version-history":[{"count":41,"href":"http:\/\/www.jazzclubkosz.pl\/index.php?rest_route=\/wp\/v2\/pages\/16\/revisions"}],"predecessor-version":[{"id":2765,"href":"http:\/\/www.jazzclubkosz.pl\/index.php?rest_route=\/wp\/v2\/pages\/16\/revisions\/2765"}],"wp:attachment":[{"href":"http:\/\/www.jazzclubkosz.pl\/index.php?rest_route=%2Fwp%2Fv2%2Fmedia&parent=16"}],"curies":[{"name":"wp","href":"https:\/\/api.w.org\/{rel}","templated":true}]}}